{"id":49594,"date":"2025-09-18T07:49:19","date_gmt":"2025-09-18T07:49:19","guid":{"rendered":"https:\/\/becolve.com\/casos-exito\/aena-controlo-do-sistema-eletrico\/"},"modified":"2025-09-18T07:49:19","modified_gmt":"2025-09-18T07:49:19","slug":"aena-controlo-do-sistema-eletrico","status":"publish","type":"casos-exito","link":"https:\/\/becolve.com\/pt-pt\/casos-exito\/aena-controlo-do-sistema-eletrico\/","title":{"rendered":"AENA &#8211; Controlo do sistema el\u00e9trico"},"content":{"rendered":"<p><b>AENA<\/b> <span style=\"font-weight: 400;\">\u00e9 uma empresa p\u00fablica que<\/span> <b>gere os aeroportos de interesse geral em Espanha<\/b><span style=\"font-weight: 400;\">. A sociedade controla 51% da ENAIRE e opera em 46 aeroportos e dois heliportos nacionais. Um deles \u00e9 o  <\/span><b>Aeroporto Josep Tarradellas Barcelona \u2013 El Prat<\/b><span style=\"font-weight: 400;\">, o primeiro em extens\u00e3o e tr\u00e1fego da Catalunha e o segundo com maior tr\u00e1fego do pa\u00eds.<\/span><\/p>\n<p><span style=\"font-weight: 400;\">A sua espa\u00e7osa superf\u00edcie complica a coordena\u00e7\u00e3o de todos os intervenientes necess\u00e1rios para o funcionamento do aeroporto, entre eles, os que fazem parte do sistema de corrente. Perante isto, a AMPER comprometeu-se a <\/span><b> fortalecer a infraestrutura el\u00e9trica do aer\u00f3dromo para brindar mais efici\u00eancia e seguran\u00e7a a todos os utilizadores e operadores envolvidos.<\/b><\/p>\n<h4><b>Dificuldade acrescida mais que superada<\/b><\/h4>\n<p><span style=\"font-weight: 400;\">A magnitude do projeto requeria uma planifica\u00e7\u00e3o cuidadosa, uma abordagem colaborativa e solu\u00e7\u00f5es tecnol\u00f3gicas inovadoras para assegurar o sucesso na moderniza\u00e7\u00e3o e melhoria do sistema protagonista.<\/span> <b>N\u00e3o podiam permitir-se as paragens na operatividade<\/b><span style=\"font-weight: 400;\">: tudo devia continuar a funcionar enquanto se implementavam os novos sistemas.<\/span> <\/p>\n<p><span style=\"font-weight: 400;\">Al\u00e9m disso, o desenvolvimento de novas aplica\u00e7\u00f5es em<\/span> <b>AVEVA InTouch HMI<\/b> <span style=\"font-weight: 400;\">e<\/span> <b>AVEVA System Platform<\/b> <span style=\"font-weight: 400;\">implicou trabalhar com<\/span> <b>tecnologias complexas<\/b> <span style=\"font-weight: 400;\">e sob as<\/span> <b>condi\u00e7\u00f5es espec\u00edficas<\/b> <span style=\"font-weight: 400;\">da central el\u00e9trica CELT. Sem se deixar impressionar por um cen\u00e1rio n\u00e3o favor\u00e1vel \u00e0 primeira vista, o resultado foi \u00f3timo: conseguiu-se moldar uma <\/span> <b>ferramenta \u00fanica para a tomada de decis\u00f5es<\/b> <span style=\"font-weight: 400;\">no posto central de controlo.<\/span><\/p>\n","protected":false},"featured_media":25857,"menu_order":0,"template":"","categories":[],"arquitectura":[],"area":[],"sector":[188],"productos-tax":[112,336,338],"soluciones-tax":[],"marcas-tax":[374],"class_list":["post-49594","casos-exito","type-casos-exito","status-publish","has-post-thumbnail","hentry","sector-aeroportos","productos-tax-aveva-historian","productos-tax-aveva-intouch-hmi","productos-tax-aveva-system-platform","marcas-tax-aveva"],"acf":[],"yoast_head":"<!-- This site is optimized with the Yoast SEO plugin v27.1.1 - https:\/\/yoast.com\/product\/yoast-seo-wordpress\/ -->\n<title>AENA - Controlo do sistema el\u00e9trico | Caso de \u00e9xito<\/title>\n<meta name=\"robots\" content=\"index, follow, max-snippet:-1, max-image-preview:large, max-video-preview:-1\" \/>\n<link rel=\"canonical\" href=\"https:\/\/becolve.com\/pt-pt\/casos-exito\/aena-controlo-do-sistema-eletrico\/\" \/>\n<meta property=\"og:locale\" content=\"pt_PT\" \/>\n<meta property=\"og:type\" content=\"article\" \/>\n<meta property=\"og:title\" content=\"AENA - Controlo do sistema el\u00e9trico | Caso de \u00e9xito\" \/>\n<meta property=\"og:description\" content=\"AENA \u00e9 uma empresa p\u00fablica que gere os aeroportos de interesse geral em Espanha. A sociedade controla 51% da ENAIRE e opera em 46 aeroportos e dois heliportos nacionais. Um deles \u00e9 o Aeroporto Josep Tarradellas Barcelona \u2013 El Prat, o primeiro em extens\u00e3o e tr\u00e1fego da Catalunha e o segundo com maior tr\u00e1fego do [&hellip;]\" \/>\n<meta property=\"og:url\" content=\"https:\/\/becolve.com\/pt-pt\/casos-exito\/aena-controlo-do-sistema-eletrico\/\" \/>\n<meta property=\"og:site_name\" content=\"Becolve Digital\" \/>\n<meta property=\"og:image\" content=\"https:\/\/becolve.com\/wp-content\/uploads\/2023\/09\/fondo-lineas-abstractas-azules-onduladas-scaled.jpg\" \/>\n\t<meta property=\"og:image:width\" content=\"2560\" \/>\n\t<meta property=\"og:image:height\" content=\"1792\" \/>\n\t<meta property=\"og:image:type\" content=\"image\/jpeg\" \/>\n<meta name=\"twitter:card\" content=\"summary_large_image\" \/>\n<meta name=\"twitter:site\" content=\"@Logitek_es\" \/>\n<meta name=\"twitter:label1\" content=\"Tempo estimado de leitura\" \/>\n\t<meta name=\"twitter:data1\" content=\"1 minuto\" \/>\n\t<meta name=\"twitter:label2\" content=\"Written by\" \/>\n\t<meta name=\"twitter:data2\" content=\"prueba roles\" \/>\n<script type=\"application\/ld+json\" class=\"yoast-schema-graph\">{\"@context\":\"https:\/\/schema.org\",\"@graph\":[{\"@type\":\"WebPage\",\"@id\":\"https:\/\/becolve.com\/pt-pt\/casos-exito\/aena-controlo-do-sistema-eletrico\/\",\"url\":\"https:\/\/becolve.com\/pt-pt\/casos-exito\/aena-controlo-do-sistema-eletrico\/\",\"name\":\"AENA - Controlo do sistema el\u00e9trico | Caso de \u00e9xito\",\"isPartOf\":{\"@id\":\"https:\/\/becolve.com\/pt-pt\/#website\"},\"primaryImageOfPage\":{\"@id\":\"https:\/\/becolve.com\/pt-pt\/casos-exito\/aena-controlo-do-sistema-eletrico\/#primaryimage\"},\"image\":{\"@id\":\"https:\/\/becolve.com\/pt-pt\/casos-exito\/aena-controlo-do-sistema-eletrico\/#primaryimage\"},\"thumbnailUrl\":\"https:\/\/becolve.com\/wp-content\/uploads\/2023\/09\/fondo-lineas-abstractas-azules-onduladas-scaled.jpg\",\"datePublished\":\"2025-09-18T07:49:19+00:00\",\"breadcrumb\":{\"@id\":\"https:\/\/becolve.com\/pt-pt\/casos-exito\/aena-controlo-do-sistema-eletrico\/#breadcrumb\"},\"inLanguage\":\"pt-PT\",\"potentialAction\":[{\"@type\":\"ReadAction\",\"target\":[\"https:\/\/becolve.com\/pt-pt\/casos-exito\/aena-controlo-do-sistema-eletrico\/\"]}]},{\"@type\":\"ImageObject\",\"inLanguage\":\"pt-PT\",\"@id\":\"https:\/\/becolve.com\/pt-pt\/casos-exito\/aena-controlo-do-sistema-eletrico\/#primaryimage\",\"url\":\"https:\/\/becolve.com\/wp-content\/uploads\/2023\/09\/fondo-lineas-abstractas-azules-onduladas-scaled.jpg\",\"contentUrl\":\"https:\/\/becolve.com\/wp-content\/uploads\/2023\/09\/fondo-lineas-abstractas-azules-onduladas-scaled.jpg\",\"width\":2560,\"height\":1792,\"caption\":\"abstract blue wavy lines background\"},{\"@type\":\"BreadcrumbList\",\"@id\":\"https:\/\/becolve.com\/pt-pt\/casos-exito\/aena-controlo-do-sistema-eletrico\/#breadcrumb\",\"itemListElement\":[{\"@type\":\"ListItem\",\"position\":1,\"name\":\"Home\",\"item\":\"https:\/\/becolve.com\/pt-pt\/\"},{\"@type\":\"ListItem\",\"position\":2,\"name\":\"Casos de exito\",\"item\":\"https:\/\/becolve.com\/pt-pt\/casos-exito\/\"},{\"@type\":\"ListItem\",\"position\":3,\"name\":\"AENA &#8211; Controlo do sistema el\u00e9trico\"}]},{\"@type\":\"WebSite\",\"@id\":\"https:\/\/becolve.com\/pt-pt\/#website\",\"url\":\"https:\/\/becolve.com\/pt-pt\/\",\"name\":\"Becolve Digital\",\"description\":\"Impulsamos la transformaci\u00f3n digital en la industria e infraestructuras\",\"publisher\":{\"@id\":\"https:\/\/becolve.com\/pt-pt\/#organization\"},\"potentialAction\":[{\"@type\":\"SearchAction\",\"target\":{\"@type\":\"EntryPoint\",\"urlTemplate\":\"https:\/\/becolve.com\/pt-pt\/?s={search_term_string}\"},\"query-input\":{\"@type\":\"PropertyValueSpecification\",\"valueRequired\":true,\"valueName\":\"search_term_string\"}}],\"inLanguage\":\"pt-PT\"},{\"@type\":\"Organization\",\"@id\":\"https:\/\/becolve.com\/pt-pt\/#organization\",\"name\":\"Becolve Digital\",\"url\":\"https:\/\/becolve.com\/pt-pt\/\",\"logo\":{\"@type\":\"ImageObject\",\"inLanguage\":\"pt-PT\",\"@id\":\"https:\/\/becolve.com\/pt-pt\/#\/schema\/logo\/image\/\",\"url\":\"https:\/\/becolve.com\/wp-content\/uploads\/2023\/04\/becolve-logo-h-black_200.png\",\"contentUrl\":\"https:\/\/becolve.com\/wp-content\/uploads\/2023\/04\/becolve-logo-h-black_200.png\",\"width\":200,\"height\":64,\"caption\":\"Becolve Digital\"},\"image\":{\"@id\":\"https:\/\/becolve.com\/pt-pt\/#\/schema\/logo\/image\/\"},\"sameAs\":[\"https:\/\/x.com\/Logitek_es\",\"https:\/\/www.linkedin.com\/company\/becolve-digital\/\"]}]}<\/script>\n<!-- \/ Yoast SEO plugin. -->","yoast_head_json":{"title":"AENA - Controlo do sistema el\u00e9trico | Caso de \u00e9xito","robots":{"index":"index","follow":"follow","max-snippet":"max-snippet:-1","max-image-preview":"max-image-preview:large","max-video-preview":"max-video-preview:-1"},"canonical":"https:\/\/becolve.com\/pt-pt\/casos-exito\/aena-controlo-do-sistema-eletrico\/","og_locale":"pt_PT","og_type":"article","og_title":"AENA - Controlo do sistema el\u00e9trico | Caso de \u00e9xito","og_description":"AENA \u00e9 uma empresa p\u00fablica que gere os aeroportos de interesse geral em Espanha. A sociedade controla 51% da ENAIRE e opera em 46 aeroportos e dois heliportos nacionais. Um deles \u00e9 o Aeroporto Josep Tarradellas Barcelona \u2013 El Prat, o primeiro em extens\u00e3o e tr\u00e1fego da Catalunha e o segundo com maior tr\u00e1fego do [&hellip;]","og_url":"https:\/\/becolve.com\/pt-pt\/casos-exito\/aena-controlo-do-sistema-eletrico\/","og_site_name":"Becolve Digital","og_image":[{"width":2560,"height":1792,"url":"https:\/\/becolve.com\/wp-content\/uploads\/2023\/09\/fondo-lineas-abstractas-azules-onduladas-scaled.jpg","type":"image\/jpeg"}],"twitter_card":"summary_large_image","twitter_site":"@Logitek_es","twitter_misc":{"Tempo estimado de leitura":"1 minuto","Written by":"prueba roles"},"schema":{"@context":"https:\/\/schema.org","@graph":[{"@type":"WebPage","@id":"https:\/\/becolve.com\/pt-pt\/casos-exito\/aena-controlo-do-sistema-eletrico\/","url":"https:\/\/becolve.com\/pt-pt\/casos-exito\/aena-controlo-do-sistema-eletrico\/","name":"AENA - Controlo do sistema el\u00e9trico | Caso de \u00e9xito","isPartOf":{"@id":"https:\/\/becolve.com\/pt-pt\/#website"},"primaryImageOfPage":{"@id":"https:\/\/becolve.com\/pt-pt\/casos-exito\/aena-controlo-do-sistema-eletrico\/#primaryimage"},"image":{"@id":"https:\/\/becolve.com\/pt-pt\/casos-exito\/aena-controlo-do-sistema-eletrico\/#primaryimage"},"thumbnailUrl":"https:\/\/becolve.com\/wp-content\/uploads\/2023\/09\/fondo-lineas-abstractas-azules-onduladas-scaled.jpg","datePublished":"2025-09-18T07:49:19+00:00","breadcrumb":{"@id":"https:\/\/becolve.com\/pt-pt\/casos-exito\/aena-controlo-do-sistema-eletrico\/#breadcrumb"},"inLanguage":"pt-PT","potentialAction":[{"@type":"ReadAction","target":["https:\/\/becolve.com\/pt-pt\/casos-exito\/aena-controlo-do-sistema-eletrico\/"]}]},{"@type":"ImageObject","inLanguage":"pt-PT","@id":"https:\/\/becolve.com\/pt-pt\/casos-exito\/aena-controlo-do-sistema-eletrico\/#primaryimage","url":"https:\/\/becolve.com\/wp-content\/uploads\/2023\/09\/fondo-lineas-abstractas-azules-onduladas-scaled.jpg","contentUrl":"https:\/\/becolve.com\/wp-content\/uploads\/2023\/09\/fondo-lineas-abstractas-azules-onduladas-scaled.jpg","width":2560,"height":1792,"caption":"abstract blue wavy lines background"},{"@type":"BreadcrumbList","@id":"https:\/\/becolve.com\/pt-pt\/casos-exito\/aena-controlo-do-sistema-eletrico\/#breadcrumb","itemListElement":[{"@type":"ListItem","position":1,"name":"Home","item":"https:\/\/becolve.com\/pt-pt\/"},{"@type":"ListItem","position":2,"name":"Casos de exito","item":"https:\/\/becolve.com\/pt-pt\/casos-exito\/"},{"@type":"ListItem","position":3,"name":"AENA &#8211; Controlo do sistema el\u00e9trico"}]},{"@type":"WebSite","@id":"https:\/\/becolve.com\/pt-pt\/#website","url":"https:\/\/becolve.com\/pt-pt\/","name":"Becolve Digital","description":"Impulsamos la transformaci\u00f3n digital en la industria e infraestructuras","publisher":{"@id":"https:\/\/becolve.com\/pt-pt\/#organization"},"potentialAction":[{"@type":"SearchAction","target":{"@type":"EntryPoint","urlTemplate":"https:\/\/becolve.com\/pt-pt\/?s={search_term_string}"},"query-input":{"@type":"PropertyValueSpecification","valueRequired":true,"valueName":"search_term_string"}}],"inLanguage":"pt-PT"},{"@type":"Organization","@id":"https:\/\/becolve.com\/pt-pt\/#organization","name":"Becolve Digital","url":"https:\/\/becolve.com\/pt-pt\/","logo":{"@type":"ImageObject","inLanguage":"pt-PT","@id":"https:\/\/becolve.com\/pt-pt\/#\/schema\/logo\/image\/","url":"https:\/\/becolve.com\/wp-content\/uploads\/2023\/04\/becolve-logo-h-black_200.png","contentUrl":"https:\/\/becolve.com\/wp-content\/uploads\/2023\/04\/becolve-logo-h-black_200.png","width":200,"height":64,"caption":"Becolve Digital"},"image":{"@id":"https:\/\/becolve.com\/pt-pt\/#\/schema\/logo\/image\/"},"sameAs":["https:\/\/x.com\/Logitek_es","https:\/\/www.linkedin.com\/company\/becolve-digital\/"]}]}},"_links":{"self":[{"href":"https:\/\/becolve.com\/pt-pt\/wp-json\/wp\/v2\/casos-exito\/49594","targetHints":{"allow":["GET"]}}],"collection":[{"href":"https:\/\/becolve.com\/pt-pt\/wp-json\/wp\/v2\/casos-exito"}],"about":[{"href":"https:\/\/becolve.com\/pt-pt\/wp-json\/wp\/v2\/types\/casos-exito"}],"wp:featuredmedia":[{"embeddable":true,"href":"https:\/\/becolve.com\/pt-pt\/wp-json\/wp\/v2\/media\/25857"}],"wp:attachment":[{"href":"https:\/\/becolve.com\/pt-pt\/wp-json\/wp\/v2\/media?parent=49594"}],"wp:term":[{"taxonomy":"category","embeddable":true,"href":"https:\/\/becolve.com\/pt-pt\/wp-json\/wp\/v2\/categories?post=49594"},{"taxonomy":"arquitectura","embeddable":true,"href":"https:\/\/becolve.com\/pt-pt\/wp-json\/wp\/v2\/arquitectura?post=49594"},{"taxonomy":"area","embeddable":true,"href":"https:\/\/becolve.com\/pt-pt\/wp-json\/wp\/v2\/area?post=49594"},{"taxonomy":"sector","embeddable":true,"href":"https:\/\/becolve.com\/pt-pt\/wp-json\/wp\/v2\/sector?post=49594"},{"taxonomy":"productos-tax","embeddable":true,"href":"https:\/\/becolve.com\/pt-pt\/wp-json\/wp\/v2\/productos-tax?post=49594"},{"taxonomy":"soluciones-tax","embeddable":true,"href":"https:\/\/becolve.com\/pt-pt\/wp-json\/wp\/v2\/soluciones-tax?post=49594"},{"taxonomy":"marcas-tax","embeddable":true,"href":"https:\/\/becolve.com\/pt-pt\/wp-json\/wp\/v2\/marcas-tax?post=49594"}],"curies":[{"name":"wp","href":"https:\/\/api.w.org\/{rel}","templated":true}]}}